{"version":"1.0","provider_name":"Blog del Mas de Serra","provider_url":"https:\/\/masdeserra.com\/blog","author_name":"Francesc Domingo","author_url":"https:\/\/masdeserra.com\/blog\/author\/francesc\/","title":"Vista de la habitaci\u00f3n Avellana en foto panor\u00e1mica de 360\u00b0 - Blog del Mas de Serra","type":"rich","width":600,"height":338,"html":"<blockquote class=\"wp-embedded-content\" data-secret=\"PvPKWFrUX6\"><a href=\"https:\/\/masdeserra.com\/blog\/vista-de-la-habitacion-avellan-en-360\/\">Vista de la habitaci\u00f3n Avellana en foto panor\u00e1mica de 360\u00b0<\/a><\/blockquote><iframe sandbox=\"allow-scripts\" security=\"restricted\" src=\"https:\/\/masdeserra.com\/blog\/vista-de-la-habitacion-avellan-en-360\/embed\/#?secret=PvPKWFrUX6\" width=\"600\" height=\"338\" title=\"\u00abVista de la habitaci\u00f3n Avellana en foto panor\u00e1mica de 360\u00b0\u00bb \u2014 Blog del Mas de Serra\" data-secret=\"PvPKWFrUX6\" frameborder=\"0\" marginwidth=\"0\" marginheight=\"0\" scrolling=\"no\" class=\"wp-embedded-content\"><\/iframe><script type=\"text\/javascript\">\n\/* <![CDATA[ *\/\n\/*! This file is auto-generated *\/\n!function(d,l){\"use strict\";l.querySelector&&d.addEventListener&&\"undefined\"!=typeof URL&&(d.wp=d.wp||{},d.wp.receiveEmbedMessage||(d.wp.receiveEmbedMessage=function(e){var t=e.data;if((t||t.secret||t.message||t.value)&&!\/[^a-zA-Z0-9]\/.test(t.secret)){for(var s,r,n,a=l.querySelectorAll('iframe[data-secret=\"'+t.secret+'\"]'),o=l.querySelectorAll('blockquote[data-secret=\"'+t.secret+'\"]'),c=new RegExp(\"^https?:$\",\"i\"),i=0;i<o.length;i++)o[i].style.display=\"none\";for(i=0;i<a.length;i++)s=a[i],e.source===s.contentWindow&&(s.removeAttribute(\"style\"),\"height\"===t.message?(1e3<(r=parseInt(t.value,10))?r=1e3:~~r<200&&(r=200),s.height=r):\"link\"===t.message&&(r=new URL(s.getAttribute(\"src\")),n=new URL(t.value),c.test(n.protocol))&&n.host===r.host&&l.activeElement===s&&(d.top.location.href=t.value))}},d.addEventListener(\"message\",d.wp.receiveEmbedMessage,!1),l.addEventListener(\"DOMContentLoaded\",function(){for(var e,t,s=l.querySelectorAll(\"iframe.wp-embedded-content\"),r=0;r<s.length;r++)(t=(e=s[r]).getAttribute(\"data-secret\"))||(t=Math.random().toString(36).substring(2,12),e.src+=\"#?secret=\"+t,e.setAttribute(\"data-secret\",t)),e.contentWindow.postMessage({message:\"ready\",secret:t},\"*\")},!1)))}(window,document);\n\/\/# sourceURL=https:\/\/masdeserra.com\/blog\/wp-includes\/js\/wp-embed.min.js\n\/* ]]> *\/\n<\/script>\n","description":"Es de esperar que una mas\u00eda del siglo XII sea espaciosa. Es el caso del Mas de Serra que, manteniendo su estructura inicial, con el paso de los a\u00f1os se ha ido reformando hasta llegar a la distribuci\u00f3n actual. El plano de la primera planta puede verse en nuestra web en el apartado La Mas\u00eda. [&hellip;]"}